{"id":6057,"date":"2025-06-04T21:08:48","date_gmt":"2025-06-05T00:08:48","guid":{"rendered":"https:\/\/isp2-sfe.infd.edu.ar\/sitio\/?page_id=6057"},"modified":"2026-09-04T22:20:03","modified_gmt":"2026-09-05T01:20:03","slug":"ofrecimientos","status":"publish","type":"page","link":"https:\/\/isp2-sfe.infd.edu.ar\/sitio\/ofrecimientos\/","title":{"rendered":"OFRECIMIENTOS"},"content":{"rendered":"\n<p><\/p>\n\n\n\n<h2 class=\"wp-block-heading\"><mark style=\"background-color:rgba(0, 0, 0, 0)\" class=\"has-inline-color has-accent-color\">PROFESORADO EN ARTES VISUALES<\/mark><\/h2>\n\n\n\n<p><\/p>\n\n\n\n<p><\/p>\n\n\n\n<h2 class=\"wp-block-heading\"><mark style=\"background-color:rgba(0, 0, 0, 0)\" class=\"has-inline-color has-accent-color\">PROFESORADO<\/mark> <mark style=\"background-color:rgba(0, 0, 0, 0)\" class=\"has-inline-color has-accent-color\">DE EDUCACI\u00d3N SECUNDARIA EN BIOLOG\u00cdA<\/mark><\/h2>\n\n\n\n<p>Asignatura: SUJETOS DE LA EDUCACI\u00d3N SECUNDARIA (3\u00ba a\u00f1o)<\/p>\n\n\n\n<p>Carga horaria: 4 horas<\/p>\n\n\n\n<p>Docente designado: COLSANI, M\u00f3nica<\/p>\n\n\n\n<p>Asignatura: BIOF\u00cdSICA <\/p>\n\n\n\n<p>Carga horaria: 4 horas<\/p>\n\n\n\n<p>Docente designado: NAZZETTA, Romina<\/p>\n\n\n\n<p>Asignatura: LABORATORIO DE CIENCIAS NATURALES (1\u00baa\u00f1o) <\/p>\n\n\n\n<p>Carga horaria: 5 horas<\/p>\n\n\n\n<p>Docente designado: VELASQUES, Agust\u00edn<\/p>\n\n\n\n<p>Asignatura: ECOLOG\u00cdA (1\u00ba a\u00f1o)<\/p>\n\n\n\n<p>Carga horaria: 5 horas<\/p>\n\n\n\n<p>Docente designado: BALADO TOIA, Alexia<\/p>\n\n\n\n<p>Asignatura: DID\u00c1CTICA DE LA BIOLOG\u00cdA I (2\u00ba a\u00f1o)<\/p>\n\n\n\n<p>Carga horaria: 4 horas<\/p>\n\n\n\n<p>Docente designado: BALADO TOIA, Alexia<\/p>\n\n\n\n<p>Asignatura: DID\u00c1CTICA DE LA BIOLOG\u00cdA II (3\u00ba a\u00f1o)<\/p>\n\n\n\n<p>Carga horaria: 3 horas<\/p>\n\n\n\n<p>Docente designado: BALADO TOIA, Alexia<\/p>\n\n\n\n<p>Asignatura: PR\u00c1CTICA DOCENTE I: ESCENARIOS EDUCATIVOS &#8211; ESPECIALISTA (Biolog\u00eda) (1\u00ba a\u00f1o)<\/p>\n\n\n\n<p>Carga horaria: 4 horas<\/p>\n\n\n\n<p>Docente designado: DURANDO, Virginia<\/p>\n\n\n\n<p>Asignatura: UNIDAD DE DEFINICI\u00d3N INSTITUCIONAL (3\u00ba a\u00f1o)<\/p>\n\n\n\n<p>Carga horaria: 3 horas<\/p>\n\n\n\n<p>Docente designado: CARDOZO, Raquel <\/p>\n\n\n\n<p>Asignatura: BIOLOG\u00cdA HUMANA Y SALUD II (4\u00ba a\u00f1o)<\/p>\n\n\n\n<p>Carga horaria: 5 horas<\/p>\n\n\n\n<p>Docente designado: CARDOZO, Raquel<\/p>\n\n\n\n<p>Asignatura: METODOLOG\u00cdA DE LA INVESTIGACI\u00d3N (3\u00ba a\u00f1o)<\/p>\n\n\n\n<p>Carga horaria: 2 horas<\/p>\n\n\n\n<p>Docente designado: CARDOZO, Raquel <\/p>\n\n\n\n<h2 class=\"wp-block-heading\"><mark style=\"background-color:rgba(0, 0, 0, 0)\" class=\"has-inline-color has-accent-color\">PROFESORADO<\/mark> <mark style=\"background-color:rgba(0, 0, 0, 0)\" class=\"has-inline-color has-accent-color\">DE EDUCACI\u00d3N SUPERIOR EN CIENCIAS DE LA EDUCACI\u00d3N<\/mark><\/h2>\n\n\n\n<p><\/p>\n\n\n\n<h2 class=\"wp-block-heading\"><mark style=\"background-color:rgba(0, 0, 0, 0)\" class=\"has-inline-color has-accent-color\">PROFESORADO<\/mark> <mark style=\"background-color:rgba(0, 0, 0, 0)\" class=\"has-inline-color has-accent-color\">DE EDUCACI\u00d3N ESPECIAL<\/mark><\/h2>\n\n\n\n<p><\/p>\n\n\n\n<h2 class=\"wp-block-heading\"><mark style=\"background-color:rgba(0, 0, 0, 0)\" class=\"has-inline-color has-accent-color\">PROFESORADO<\/mark> <mark style=\"background-color:rgba(0, 0, 0, 0)\" class=\"has-inline-color has-accent-color\">DE EDUCACI\u00d3N SECUNDARIA EN F\u00cdSICA<\/mark><\/h2>\n\n\n\n<p>Asignatura: TALLER DE PRODUCCI\u00d3N DE RECURSOS DID\u00c1CTICOS (3\u00ba a\u00f1o)<\/p>\n\n\n\n<p>Carga horaria: 2 horas<\/p>\n\n\n\n<p>Docente designado: A ofrecer<\/p>\n\n\n\n<p>Asignatura: DID\u00c1CTICA ESPEC\u00cdFICA I (3\u00ba a\u00f1o) <\/p>\n\n\n\n<p>Carga horaria: 3 horas<\/p>\n\n\n\n<p>Docente designado: a ofrecer<\/p>\n\n\n\n<p>Asignatura: BIOLOG\u00cdA (2\u00ba a\u00f1o) <\/p>\n\n\n\n<p>Carga horaria: 3 horas<\/p>\n\n\n\n<p>Docente designado: VELASQUES, Agust\u00edn<\/p>\n\n\n\n<p>Asignatura: TALLER III DE F\u00cdSICA Y QU\u00cdMICA (especialista f\u00edsica) 4\u00ba a\u00f1o <\/p>\n\n\n\n<p>Carga horaria: 4 horas<\/p>\n\n\n\n<p>Docente designado: SACRIPANTI, Adri\u00e1n <\/p>\n\n\n\n<p>Asignatura: TALLER III DE F\u00cdSICA Y QU\u00cdMICA (especialista qu\u00edmica) 4\u00ba a\u00f1o<\/p>\n\n\n\n<p>Carga horaria: 4 horas<\/p>\n\n\n\n<p>Docente designado: CERRANO, Jorgelina<\/p>\n\n\n\n<p><\/p>\n\n\n\n<h2 class=\"wp-block-heading\"><mark style=\"background-color:rgba(0, 0, 0, 0)\" class=\"has-inline-color has-accent-color\">PROFESORADO<\/mark> <mark style=\"background-color:rgba(0, 0, 0, 0)\" class=\"has-inline-color has-accent-color\">DE EDUCACI\u00d3N SECUNDARIA EN GEOGRAF\u00cdA<\/mark><\/h2>\n\n\n\n<p>Asignatura: SUJETOS DE LA EDUCACI\u00d3N SECUNDARIA (3\u00ba a\u00f1o)<\/p>\n\n\n\n<p>Carga horaria: 4 horas<\/p>\n\n\n\n<p>Docente designado: DELGADO, L\u00eda <\/p>\n\n\n\n<p>Asignatura: PSICOLOG\u00cdA Y EDUCACI\u00d3N (2\u00ba a\u00f1o)<\/p>\n\n\n\n<p>Carga horaria: 5 horas<\/p>\n\n\n\n<p>Docente designado: AIMARETTO, Mar\u00eda Eugenia<\/p>\n\n\n\n<p><\/p>\n\n\n\n<h2 class=\"wp-block-heading\"><mark style=\"background-color:rgba(0, 0, 0, 0)\" class=\"has-inline-color has-accent-color\">PROFESORADO<\/mark> <mark style=\"background-color:rgba(0, 0, 0, 0)\" class=\"has-inline-color has-accent-color\">DE EDUCACI\u00d3N SECUNDARIA EN HISTORIA<\/mark><\/h2>\n\n\n\n<p><\/p>\n\n\n\n<h2 class=\"wp-block-heading\"><mark style=\"background-color:rgba(0, 0, 0, 0)\" class=\"has-inline-color has-accent-color\">PROFESORADO<\/mark> <mark style=\"background-color:rgba(0, 0, 0, 0)\" class=\"has-inline-color has-accent-color\">DE  INGL\u00c9S PARA EDUCACI\u00d3N SECUNDARIA<\/mark><\/h2>\n\n\n\n<h2 class=\"wp-block-heading\"><mark style=\"background-color:rgba(0, 0, 0, 0)\" class=\"has-inline-color has-accent-color\">PROFESORADO<\/mark> <mark style=\"background-color:rgba(0, 0, 0, 0)\" class=\"has-inline-color has-accent-color\">DE EDUCACI\u00d3N INICIAL<\/mark><\/h2>\n\n\n\n<p><\/p>\n\n\n\n<h2 class=\"wp-block-heading\"><mark style=\"background-color:rgba(0, 0, 0, 0)\" class=\"has-inline-color has-accent-color\">PROFESORADO<\/mark> <mark style=\"background-color:rgba(0, 0, 0, 0)\" class=\"has-inline-color has-accent-color\">DE EDUCACI\u00d3N SECUNDARIA EN LENGUA Y LITERATURA <\/mark><\/h2>\n\n\n\n<p>Asignatura: PR\u00c1CTICA DOCENTE I 1\u00ba a\u00f1o (Generalista)<\/p>\n\n\n\n<p>Carga horaria: 4 horas<\/p>\n\n\n\n<p>Docente designado: KUBIK, Alina<\/p>\n\n\n\n<p>Asignatura: INSTITUCIONES EDUCATIVAS 2\u00ba a\u00f1o<\/p>\n\n\n\n<p>Carga horaria: 4 horas<\/p>\n\n\n\n<p>Docente designado: HUBELI, Romina <\/p>\n\n\n\n<p>Asignatura: HISTORIA Y POL\u00cdTICA DE LA EDUCACI\u00d3N ARGENTINA 3\u00baa\u00f1o<\/p>\n\n\n\n<p>Carga horaria: 3 horas<\/p>\n\n\n\n<p>Docente designado: KOVALSKY, Natalia<\/p>\n\n\n\n<p><\/p>\n\n\n\n<h2 class=\"wp-block-heading\"><mark style=\"background-color:rgba(0, 0, 0, 0)\" class=\"has-inline-color has-accent-color\">PROFESORADO<\/mark> <mark style=\"background-color:rgba(0, 0, 0, 0)\" class=\"has-inline-color has-accent-color\">DE EDUCACI\u00d3N SECUNDARIA EN MATEM\u00c1TICA<\/mark><\/h2>\n\n\n\n<p>Asignatura: PSICOLOG\u00cdA Y EDUCACI\u00d3N 2\u00ba a\u00f1o<\/p>\n\n\n\n<p>Carga horaria: 5 horas<\/p>\n\n\n\n<p>Docente designado: SANTUCCI, Ana Mar\u00eda<\/p>\n\n\n\n<p><\/p>\n\n\n\n<h2 class=\"wp-block-heading\"><mark style=\"background-color:rgba(0, 0, 0, 0)\" class=\"has-inline-color has-accent-color\">PROFESORADO<\/mark> <mark style=\"background-color:rgba(0, 0, 0, 0)\" class=\"has-inline-color has-accent-color\">DE  M\u00daSICA<\/mark><\/h2>\n\n\n\n<p>Asignatura: PR\u00c1CTICA INSTRUMENTAL I: INSTRUMENTO COMPLEMENTARIO (guitarra) (1\u00ba a\u00f1o)<\/p>\n\n\n\n<p>Carga horaria: 6 horas<\/p>\n\n\n\n<p>Docente designado: BIGGS, Alfredo<\/p>\n\n\n\n<p>Asignatura: PR\u00c1CTICA INSTRUMENTAL IV: INSTRUMENTO ELEGIDO (guitarra) (4\u00ba a\u00f1o)<\/p>\n\n\n\n<p>Carga horaria: 6 horas<\/p>\n\n\n\n<p>Docente designado: GALIANA, Mariano <\/p>\n\n\n\n<p>Asignatura: PR\u00c1CTICA INSTRUMENTAL III: INSTRUMENTO COMPLEMENTARIO (guitarra) (3\u00ba a\u00f1o)<\/p>\n\n\n\n<p>Carga horaria: 6 horas<\/p>\n\n\n\n<p>Docente designado: GALIANA, Mariano <\/p>\n\n\n\n<p>Asignatura: PR\u00c1CTICA INSTRUMENTAL I: INSTRUMENTO ELEGIDO (guitarra) 1\u00ba a\u00f1o<\/p>\n\n\n\n<p>Carga horaria: 6 horas<\/p>\n\n\n\n<p>Docente designado: GALIANA, Mariano<\/p>\n\n\n\n<p>Asignatura: LENGUAJE MUSICAL II (2\u00ba a\u00f1o)<\/p>\n\n\n\n<p>Carga horaria: 3 horas<\/p>\n\n\n\n<p>Docente designado: RUBINO, Facundo (1\u00ba a\u00f1o)<\/p>\n\n\n\n<p>Asignatura: LENGUAJE MUSICAL I <\/p>\n\n\n\n<p>Carga horaria: 3 horas<\/p>\n\n\n\n<p>Docente designado: RUBINO, Facundo <\/p>\n\n\n\n<p><\/p>\n\n\n\n<h2 class=\"wp-block-heading\"><mark style=\"background-color:rgba(0, 0, 0, 0)\" class=\"has-inline-color has-accent-color\">PROFESORADO<\/mark> <mark style=\"background-color:rgba(0, 0, 0, 0)\" class=\"has-inline-color has-accent-color\">DE EDUCACI\u00d3N PRIMARIA<\/mark><\/h2>\n\n\n\n<p>Asignatura: TALLER DE PR\u00c1CTICA II 2\u00baa\u00f1o \u00abB\u00bb<\/p>\n\n\n\n<p>Carga horaria: 4 horas<\/p>\n\n\n\n<p>Docente designado: BARRETO, Victoria<\/p>\n\n\n\n<p>Asignatura: CIENCIAS NATURALES Y SU DID\u00c1CTICA II 3\u00ba a\u00f1o \u00abA\u00bb<\/p>\n\n\n\n<p>Carga horaria: 4 horas<\/p>\n\n\n\n<p>Docente designado: RODRIGUEZ, Romina<\/p>\n\n\n\n<p>Asignatura: TECNOLOG\u00cdAS DE LA INFORMACI\u00d3N Y LA COMUNICACI\u00d3N<\/p>\n\n\n\n<p>Carga horaria: 3 horas<\/p>\n\n\n\n<p>Docente designado: SILVA, Emanuel <\/p>\n\n\n\n<p>Asignatura: CIENCIAS NATURALES Y SU DID\u00c1CTICA II 3\u00baa\u00f1o \u00abB\u00bb<\/p>\n\n\n\n<p>Carga horaria: 4 horas<\/p>\n\n\n\n<p>Docente designado: RODRIGUEZ, Romina<\/p>\n\n\n\n<p>Asignatura: CIENCIAS NATURALES Y SU DID\u00c1CTICA I 2\u00baA\u00f1o \u00abB\u00bb<\/p>\n\n\n\n<p>Carga horaria: 4 horas<\/p>\n\n\n\n<p>Docente designado: ROMAGNOLI, Luc\u00eda<\/p>\n\n\n\n<p>Asignatura: CIENCIAS NATURALES Y SU DID\u00c1CTICA I 2\u00baa\u00f1o \u00abA\u00bb <\/p>\n\n\n\n<p>Carga horaria: 4 horas<\/p>\n\n\n\n<p>Docente designado: RODRIGUEZ, Romina<\/p>\n\n\n\n<p>Asignatura: CIENCIAS NATURALES PARA UNA CULTURA CIUDADANA 1\u00baa\u00f1o \u00abB\u00bb (2\u00ba cuatrimestre)<\/p>\n\n\n\n<p>Carga horaria: 4 horas<\/p>\n\n\n\n<p>Docente designado: HAESLER, Natalia Elisabet <\/p>\n\n\n\n<p>Asignatura: CIENCIAS NATURALES PARA UNA CULTURA CIUDADANA 1\u00baa\u00f1o \u00abA\u00bb (2\u00ba cuatrimestre)<\/p>\n\n\n\n<p>Docente designado: IBA\u00d1EZ, Luciana Celina<\/p>\n\n\n\n<p>Carga horaria: 4 horas<\/p>\n\n\n\n<p>Asignatura: PROBLEMATICAS CONTEMPORANEAS DE LA EDUCACI\u00d3N PRIMARIA II (Especialista) 3\u00baB<\/p>\n\n\n\n<p>Carga horaria: 3 horas<\/p>\n\n\n\n<p>Docente designado: JUNCOS, Patricia Alicia<\/p>\n\n\n\n<p>Asignatura: TALLER DE PR\u00c1CTICA IV &#8211; ESPECIALISTA (PROF. DE EDUCACI\u00d3N PRIMARIA) 4\u00ba a\u00f1o<\/p>\n\n\n\n<p>Carga horaria: 9 horas<\/p>\n\n\n\n<p>Docente designado: RUATTA, Mar\u00eda Cecilia<\/p>\n\n\n\n<p>Asignatura: TALLER DE PR\u00c1CTICA III &#8211; ESPECIALISTA (PROF. DE EDUC. PRIMARIA) 3\u00ba B<\/p>\n\n\n\n<p>Carga horaria: 8 horas<\/p>\n\n\n\n<p>Docente designado: TABORDA, Karina<\/p>\n\n\n\n<p>Asignatura: CIENCIAS NATURALES Y SU DID\u00c1CTICA II<\/p>\n\n\n\n<p>Carga horaria: 4 horas<\/p>\n\n\n\n<p>Docente designado: BARRERA, Valeria<\/p>\n\n\n\n<p>Asignatura: ATENEO: CIENCIAS NATURALES (4\u00ba a\u00f1o)<\/p>\n\n\n\n<p>Carga horaria: 3 horas<\/p>\n\n\n\n<p>Docente designado: ROSTAGNO, Laura<\/p>\n\n\n\n<p><\/p>\n\n\n\n<h2 class=\"wp-block-heading\"><mark style=\"background-color:rgba(0, 0, 0, 0)\" class=\"has-inline-color has-accent-color\">TECNICATURA SUPERIOR EN ENFERMER\u00cdA<\/mark><\/h2>\n\n\n\n<p>Asignatura: UNIDAD DE DEFINICI\u00d3N INSTITUCIONAL I  1\u00ba a\u00f1o (2\u00ba cuatrimestre)<\/p>\n\n\n\n<p>Carga horaria: 3 horas<\/p>\n\n\n\n<p>Docente designado: MARTINEZ, Griselda<\/p>\n\n\n\n<p>Asignatura: COMUNICACI\u00d3N 1\u00ba a\u00f1o (1\u00ba cuatrimestre 2027)<\/p>\n\n\n\n<p>Carga horaria: 3 horas <\/p>\n\n\n\n<p>Docente designado: MARTINEZ, Griselda<\/p>\n\n\n\n<p>Asignatura: BIOSEGURIDAD Y MEDIO AMBIENTE EN EL TRABAJO (2\u00ba a\u00f1o) (2\u00ba cuatrimestre)<\/p>\n\n\n\n<p>Carga horaria: 4 horas<\/p>\n\n\n\n<p>Docente designado: a ofrecer<\/p>\n\n\n\n<p>Asignatura: BIOLOG\u00cdA HUMANA II<\/p>\n\n\n\n<p>Carga horaria: 3 horas<\/p>\n\n\n\n<p>Docente designado: A ofrecer<\/p>\n\n\n\n<p>Asignatura: BIOLOG\u00cdA HUMANA I<\/p>\n\n\n\n<p>Carga horaria: 3 horas<\/p>\n\n\n\n<p>Docente designado: VELASQUES, Agust\u00edn<\/p>\n\n\n\n<p><\/p>\n\n\n\n<h2 class=\"wp-block-heading\"><mark style=\"background-color:rgba(0, 0, 0, 0)\" class=\"has-inline-color has-accent-color\">TECNICATURA SUPERIOR EN GESTI\u00d3N DE LAS ORGANIZACIONES<\/mark><\/h2>\n\n\n\n<p>Asignatura: UNIDAD DE DEFINICI\u00d3N INSTITUCIONAL I 1\u00baA (2\u00ba cuatrimestre)<\/p>\n\n\n\n<p>Carga horaria: 3 horas<\/p>\n\n\n\n<p>Docente designado: STEPFFER, Claudio<\/p>\n\n\n\n<p>Asignatura: COMUNICACI\u00d3N 1\u00baA (1\u00ba cuatrimestre 2027)<\/p>\n\n\n\n<p>Carga horaria: 3 horas<\/p>\n\n\n\n<p>Docente designado: STEPFFER, Claudio<\/p>\n\n\n\n<p>Asignatura: UNIDAD DE DEFINICI\u00d3N INSTITUCIONAL I 1\u00baB (2\u00ba cuatrimestre)<\/p>\n\n\n\n<p>Carga horaria: 3 horas<\/p>\n\n\n\n<p>Docente designado: MARTINEZ, Griselda<\/p>\n\n\n\n<p>Asignatura: COMUNICACI\u00d3N 1\u00baB (1\u00ba cuatrimestre 2027)<\/p>\n\n\n\n<p>Carga horaria: 3 horas<\/p>\n\n\n\n<p>Docente designado: MARTINEZ, Griselda<\/p>\n\n\n\n<p>Asignatura: UNIDAD DE DEFINICI\u00d3N INSTITUCIONAL II  2\u00baB (2\u00ba cuatrimestre)<\/p>\n\n\n\n<p>Carga horaria: 3 horas<\/p>\n\n\n\n<p>Docente designado: CAMPANINI, Luc\u00eda<\/p>\n\n\n\n<p><\/p>\n\n\n\n<h2 class=\"wp-block-heading\"><mark style=\"background-color:rgba(0, 0, 0, 0)\" class=\"has-inline-color has-accent-color\">TECNICATURA SUPERIOR EN LOG\u00cdSTICA<\/mark><\/h2>\n\n\n\n<p>Asignatura: UNIDAD DE DEFINICI\u00d3N INSTITUCIONAL (2\u00ba cuatrimestre)<\/p>\n\n\n\n<p>Carga horaria: 3 horas<\/p>\n\n\n\n<p>Docente designado: MARTINEZ, Griselda<\/p>\n\n\n\n<p>Asignatura: COMUNICACI\u00d3N (1\u00ba cuatrimestre &#8211; 2027)<\/p>\n\n\n\n<p>Carga horaria: 3 horas<\/p>\n\n\n\n<p>Docente designado: MARTINEZ, Griselda<\/p>\n\n\n\n<p><\/p>\n\n\n\n<h2 class=\"wp-block-heading\"><mark style=\"background-color:rgba(0, 0, 0, 0)\" class=\"has-inline-color has-accent-color\">TECNICATURA SUPERIOR EN  DESARROLLO DE SOFTWARE<\/mark> <\/h2>\n\n\n\n<p>Asignatura: UNIDAD DE DEFINICI\u00d3N INSTITUCIONAL I 1\u00ba a\u00f1o (2\u00ba cuatrimestre)<\/p>\n\n\n\n<p>Carga horaria: 3 horas<\/p>\n\n\n\n<p>Docente designado: MARTINEZ, Griselda<\/p>\n\n\n\n<p>Asignatura: COMUNICACI\u00d3N 1\u00ba a\u00f1o (1\u00ba cuatrimestre 2027)<\/p>\n\n\n\n<p>Carga horaria: 3 horas<\/p>\n\n\n\n<p>Docente designado: MARTINEZ, Griselda<\/p>\n\n\n\n<p><\/p>\n\n\n\n<h2 class=\"wp-block-heading\"> <\/h2>\n\n\n\n<p><\/p>\n","protected":false},"excerpt":{"rendered":"<p>PROFESORADO EN ARTES VISUALES PROFESORADO DE EDUCACI\u00d3N SECUNDARIA EN BIOLOG\u00cdA Asignatura: SUJETOS DE LA EDUCACI\u00d3N SECUNDARIA (3\u00ba a\u00f1o) Carga horaria: 4 horas Docente designado: COLSANI, M\u00f3nica Asignatura: BIOF\u00cdSICA Carga horaria: 4 horas Docente designado: NAZZETTA, Romina Asignatura: LABORATORIO DE CIENCIAS NATURALES (1\u00baa\u00f1o) Carga horaria: 5 horas Docente designado: VELASQUES, Agust\u00edn Asignatura: ECOLOG\u00cdA (1\u00ba a\u00f1o) Carga &#8230; <a title=\"OFRECIMIENTOS\" class=\"read-more\" href=\"https:\/\/isp2-sfe.infd.edu.ar\/sitio\/ofrecimientos\/\" aria-label=\"More on OFRECIMIENTOS\">[+]<\/a><\/p>\n","protected":false},"author":8201,"featured_media":0,"parent":0,"menu_order":0,"comment_status":"closed","ping_status":"closed","template":"","meta":[],"acf":[],"_links":{"self":[{"href":"https:\/\/isp2-sfe.infd.edu.ar\/sitio\/wp-json\/wp\/v2\/pages\/6057"}],"collection":[{"href":"https:\/\/isp2-sfe.infd.edu.ar\/sitio\/wp-json\/wp\/v2\/pages"}],"about":[{"href":"https:\/\/isp2-sfe.infd.edu.ar\/sitio\/wp-json\/wp\/v2\/types\/page"}],"author":[{"embeddable":true,"href":"https:\/\/isp2-sfe.infd.edu.ar\/sitio\/wp-json\/wp\/v2\/users\/8201"}],"replies":[{"embeddable":true,"href":"https:\/\/isp2-sfe.infd.edu.ar\/sitio\/wp-json\/wp\/v2\/comments?post=6057"}],"version-history":[{"count":238,"href":"https:\/\/isp2-sfe.infd.edu.ar\/sitio\/wp-json\/wp\/v2\/pages\/6057\/revisions"}],"predecessor-version":[{"id":7913,"href":"https:\/\/isp2-sfe.infd.edu.ar\/sitio\/wp-json\/wp\/v2\/pages\/6057\/revisions\/7913"}],"wp:attachment":[{"href":"https:\/\/isp2-sfe.infd.edu.ar\/sitio\/wp-json\/wp\/v2\/media?parent=6057"}],"curies":[{"name":"wp","href":"https:\/\/api.w.org\/{rel}","templated":true}]}}