{"id":6011,"date":"2025-05-28T12:58:45","date_gmt":"2025-05-28T15:58:45","guid":{"rendered":"https:\/\/isp2-sfe.infd.edu.ar\/sitio\/?page_id=6011"},"modified":"2025-05-29T07:56:19","modified_gmt":"2025-05-29T10:56:19","slug":"criterios-para-la-eleccion-de-abanderados","status":"publish","type":"page","link":"https:\/\/isp2-sfe.infd.edu.ar\/sitio\/criterios-para-la-eleccion-de-abanderados\/","title":{"rendered":"Criterios para la Elecci\u00f3n de Abanderados"},"content":{"rendered":"\n<p>Con el objetivo de reconocer el m\u00e9rito acad\u00e9mico y el compromiso institucional, se establecen los siguientes criterios para la elecci\u00f3n de los abanderados de la instituci\u00f3n:<\/p>\n\n\n\n<ul type=\"1\">\n<li><strong>Condici\u00f3n acad\u00e9mica:<\/strong><\/li>\n<\/ul>\n\n\n\n<p>El estudiante deber\u00e1 estar matriculado y cursando el \u00faltimo a\u00f1o de la carrera al momento de la designaci\u00f3n.<\/p>\n\n\n\n<ul>\n<li><strong>Regularidad seg\u00fan cohorte:<\/strong><\/li>\n<\/ul>\n\n\n\n<p>El estudiante deber\u00e1 tener aprobados la totalidad de los espacios curriculares correspondiente a los a\u00f1os anteriores contemplados en el plan de estudios.<\/p>\n\n\n\n<ul>\n<li><strong>Rendimiento acad\u00e9mico:<\/strong><\/li>\n<\/ul>\n\n\n\n<p>Se seleccionar\u00e1 al estudiante que registre el promedio m\u00e1s alto obtenido hasta el a\u00f1o anterior al actual, como reflejo del rendimiento acad\u00e9mico sostenido <a><\/a>a lo largo de la carrera. Dicho promedio se obtendr\u00e1 de la suma de todas las calificaciones finales de las unidades curriculares divididas por el n\u00famero total de aquellas. No se tomar\u00e1n los resultados de los promedios parciales de cada a\u00f1o ni los aplazos.<\/p>\n\n\n\n<p><\/p>\n\n\n\n<p><strong><em><u>CUADRO DE HONOR 2025.<\/u><\/em><\/strong><\/p>\n\n\n\n<figure class=\"wp-block-table\"><table><tbody><tr><td><strong><u>Orden<\/u><\/strong><\/td><td><strong><u>Apellido<\/u><\/strong><\/td><td><strong><u>Nombres<\/u><\/strong><\/td><td><strong><u>Carrera<\/u><\/strong><\/td><td><strong><u>Promedio<\/u><\/strong> <strong><u>&nbsp;<\/u><\/strong><\/td><\/tr><tr><td>1<\/td><td><strong><em>Mayrata<\/em><\/strong><\/td><td><strong><em>Gabriel<\/em><\/strong><\/td><td>Historia<\/td><td>9.67 &nbsp;<\/td><\/tr><tr><td>2<\/td><td><strong><em>Lang<\/em><\/strong><\/td><td><strong><em>Axel Ariel<\/em><\/strong><\/td><td>Software<\/td><td>9.28 &nbsp;<\/td><\/tr><tr><td>3<\/td><td><strong><em>Gaido Ravera<\/em><\/strong><\/td><td><strong><em>J<a><\/a>oana<\/em><\/strong><\/td><td>Geograf\u00eda<\/td><td>9.16 &nbsp;<\/td><\/tr><tr><td>4<\/td><td><strong><em>Weglin<\/em><\/strong><\/td><td><strong><em>Yazm\u00edn Elisa<\/em><\/strong><\/td><td>Historia<\/td><td>9.15 &nbsp;<\/td><\/tr><tr><td>5<\/td><td><strong><em>Gorosito<\/em><\/strong><\/td><td><strong><em>Agust\u00edn Ariel<\/em><\/strong><\/td><td>Software<\/td><td>9.11 &nbsp;<\/td><\/tr><tr><td>6<\/td><td><strong><em>Migliore<\/em><\/strong><\/td><td><strong><em>Lucas Andr\u00e9s<\/em><\/strong><\/td><td>Software<\/td><td>9.06 &nbsp;<\/td><\/tr><tr><td>7<\/td><td><strong><em>Cattani<\/em><\/strong><\/td><td><strong><em>Carola<\/em><\/strong><\/td><td>Ciencias de la Educ.<\/td><td>8.77 &nbsp;<\/td><\/tr><tr><td>8<\/td><td><strong><em>Michelini<\/em><\/strong><\/td><td><strong><em>Nicol\u00e1s<\/em><\/strong><\/td><td>Software<\/td><td>8.72 &nbsp;<\/td><\/tr><tr><td>9<\/td><td><strong><em>Bonacina<\/em><\/strong><\/td><td><strong><em>Micaela Mar\u00eda<\/em><\/strong><\/td><td>Inicial<\/td><td>8.67 &nbsp;<\/td><\/tr><tr><td>10<\/td><td><strong><em>Morandin<\/em><\/strong><\/td><td><strong><em>Caterina<\/em><\/strong><\/td><td>Gesti\u00f3n<\/td><td>8.67 &nbsp;<\/td><\/tr><\/tbody><\/table><\/figure>\n","protected":false},"excerpt":{"rendered":"<p>Con el objetivo de reconocer el m\u00e9rito acad\u00e9mico y el compromiso institucional, se establecen los siguientes criterios para la elecci\u00f3n de los abanderados de la instituci\u00f3n: El estudiante deber\u00e1 estar matriculado y cursando el \u00faltimo a\u00f1o de la carrera al momento de la designaci\u00f3n. El estudiante deber\u00e1 tener aprobados la totalidad de los espacios curriculares &#8230; <a title=\"Criterios para la Elecci\u00f3n de Abanderados\" class=\"read-more\" href=\"https:\/\/isp2-sfe.infd.edu.ar\/sitio\/criterios-para-la-eleccion-de-abanderados\/\" aria-label=\"More on Criterios para la Elecci\u00f3n de Abanderados\">[+]<\/a><\/p>\n","protected":false},"author":3999,"featured_media":0,"parent":0,"menu_order":0,"comment_status":"closed","ping_status":"closed","template":"","meta":[],"acf":[],"_links":{"self":[{"href":"https:\/\/isp2-sfe.infd.edu.ar\/sitio\/wp-json\/wp\/v2\/pages\/6011"}],"collection":[{"href":"https:\/\/isp2-sfe.infd.edu.ar\/sitio\/wp-json\/wp\/v2\/pages"}],"about":[{"href":"https:\/\/isp2-sfe.infd.edu.ar\/sitio\/wp-json\/wp\/v2\/types\/page"}],"author":[{"embeddable":true,"href":"https:\/\/isp2-sfe.infd.edu.ar\/sitio\/wp-json\/wp\/v2\/users\/3999"}],"replies":[{"embeddable":true,"href":"https:\/\/isp2-sfe.infd.edu.ar\/sitio\/wp-json\/wp\/v2\/comments?post=6011"}],"version-history":[{"count":2,"href":"https:\/\/isp2-sfe.infd.edu.ar\/sitio\/wp-json\/wp\/v2\/pages\/6011\/revisions"}],"predecessor-version":[{"id":6018,"href":"https:\/\/isp2-sfe.infd.edu.ar\/sitio\/wp-json\/wp\/v2\/pages\/6011\/revisions\/6018"}],"wp:attachment":[{"href":"https:\/\/isp2-sfe.infd.edu.ar\/sitio\/wp-json\/wp\/v2\/media?parent=6011"}],"curies":[{"name":"wp","href":"https:\/\/api.w.org\/{rel}","templated":true}]}}