{"id":2141,"date":"2018-08-31T16:51:17","date_gmt":"2018-08-31T19:51:17","guid":{"rendered":"https:\/\/isp2-sfe.infd.edu.ar\/sitio\/carreras_musica\/"},"modified":"2023-06-26T17:57:12","modified_gmt":"2023-06-26T20:57:12","slug":"carreras_musica","status":"publish","type":"page","link":"https:\/\/isp2-sfe.infd.edu.ar\/sitio\/carreras_musica\/","title":{"rendered":"Profesorado de M\u00fasica"},"content":{"rendered":"<h4><img decoding=\"async\" loading=\"lazy\" class=\"size-full wp-image-2699 aligncenter\" src=\"https:\/\/isp2-sfe.infd.edu.ar\/sitio\/wp-content\/uploads\/2020\/10\/LOGO-M\u00daSICA.png\" alt=\"\" width=\"378\" height=\"397\" \/><\/h4>\n<h4><strong>PROFESORADO DE M\u00daSICA<\/strong><\/h4>\n<h4><strong>TITULO A OTORGAR: <\/strong>Profesor\/a de M\u00fasica<\/h4>\n<h4><strong>DURACI\u00d3N DE LA CARRERA EN A\u00d1OS ACAD\u00c9MICOS<\/strong>: 4 (cuatro)<\/h4>\n<h4>Jefatura de Secci\u00f3n: CZAK\u00d3, Gissella<\/h4>\n<p><strong>\u00a0<\/strong><\/p>\n<div>Un profe y un estudiante te van a brindar mas informaci\u00f3n que puede ayudar a orientarte en tu elecci\u00f3n.<\/div>\n<p><strong><a href=\"https:\/\/www.youtube.com\/watch?v=IhWvVPPGPmI\" target=\"_blank\" rel=\"noopener noreferrer\">https:\/\/www.youtube.com\/watch?v=IhWvVPPGPmI<\/a><\/strong><\/p>\n<p>&nbsp;<\/p>\n<p><strong>RESE\u00d1A<\/strong>:<\/p>\n<p>La formaci\u00f3n de docentes en M\u00fasica es de vital importancia para el Sistema Educativo en todos sus niveles. Su finalidad, como campo de conocimiento para la interpretaci\u00f3n y transformaci\u00f3n de la realidad, es esencial para la conformaci\u00f3n de sujetos ciudadanos cr\u00edticos y comprometidos con su contemporaneidad.<\/p>\n<p>Es fundamental comprender la importancia de la incidencia de los lenguajes art\u00edsticos como dinamizadores de la pr\u00e1ctica pedag\u00f3gica, acercando la ense\u00f1anza de la m\u00fasica a la realidad vivida por cada uno, vincul\u00e1ndola con experiencias concretas y locales. Por ello, es necesario destacar el rol fundamental de la ense\u00f1anza de la m\u00fasica, dado que tanto la dimensi\u00f3n est\u00e9tica como po\u00e9tica del proceso de escolarizaci\u00f3n, se presenta como una variable central para comprender y construir la educaci\u00f3n, la cultura y la sociedad en la actualidad. El aprendizaje del lenguaje musical tiene importantes consecuencias cognitivas, emocionales, socioculturales y vinculares, que favorecen y preparan a alumnos y alumnas para la vida, fortaleciendo el desarrollo de una actitud reflexiva y de apertura intelectual, a partir de apropiaciones criticas de saberes y de ejercicio permanente de b\u00fasqueda.<\/p>\n<p>El\/La Profesor\/a de m\u00fasica trabaja la teor\u00eda como fundamento de Ia practica, resinificando a \u00e9sta desde un marco te\u00f3rico s\u00f3lido y actualizado, que le permita interpretar las diversas producciones socioculturales con una mirada cr\u00edtica, comprometida y propia como sujetos libres, democr\u00e1ticos y solidarios en pos de construir identidades no estereotipadas, habilitando otros modos de comprender y abordar los paradigmas de nuestra cultura actual.<\/p>\n<p><strong>\u00a0<\/strong><\/p>\n<p><strong>DESCRIPCI\u00d3N<\/strong>:<\/p>\n<p>El amplio conjunto de saberes que corresponde a cada carrera de los Profesorados de Arte he sido organizado en tres campos del conocimiento:<\/p>\n<p><em>De la Formaci\u00f3n General<\/em>: en tanto se orienta a la comprensi\u00f3n de los fundamentos del trabajo docente, es homog\u00e9neo con los desarrollos curriculares para la formaci\u00f3n de maestros del \u00e1mbito provincial. Incorpora adem\u00e1s saberes que se consideran indispensables para los docentes en arte, que contribuyen con conocimientos generales como los sociol\u00f3gicos, los antropol\u00f3gicos, est\u00e1ticos, configurando un campo com\u00fan a todas las especialidades art\u00edsticas.<\/p>\n<p><em>De la Formaci\u00f3n Espec\u00edfica<\/em>: se orienta al estudio de los saberes particulares de cada lenguaje art\u00edstico a ense\u00f1ar, su did\u00e1ctica y las tecnolog\u00edas educativas particulares, las caracter\u00edsticas y necesidades propias de los\/as alumnos\/as a nivel individual y colectivo. Comprende el conjunto de saberes que definen el ejercicio de la funci\u00f3n docente para cada lenguaje art\u00edstico.<\/p>\n<p><em>De la Formaci\u00f3n en la Pr\u00e1ctica Profesional<\/em>: est\u00e1 integrado tanto por las actividades a concretarse en las instituciones asociadas (escolares y socio-comunitarias) como en los Talleres a desarrollarse en el Instituto, previendo una aproximaci\u00f3n paulatina a las problem\u00e1ticas que presenta la pr\u00e1ctica, a partir de la revisi\u00f3n de los supuestos y saberes de los estudiantes y de la apropiaci\u00f3n de los nuevos marcos te\u00f3ricos que se trabajen en todos los campos. Los cuatro Talleres se articulan entre si y a su vez con los otros campos de formaci\u00f3n, en la b\u00fasqueda de articular los pianos te\u00f3rico y pr\u00e1ctico, contribuyendo mediante la construcci\u00f3n de una praxis, a la formaci\u00f3n de sujetos capaces de comprender sus pr\u00e1cticas desde las teor\u00edas necesarias para lo que su quehacer demande.<\/p>\n<p>&nbsp;<\/p>\n<p><strong>ESTRUCTURA DE LA CARRERA:<\/strong><\/p>\n<p>4160 horas c\u00e1tedras \u20132773 horas reloj.<\/p>\n<p>Se prev\u00e9n formatos diferenciados en distinto tipo de unidades curriculares, considerando la estructura conceptual, el prop\u00f3sito educativo y sus aportes a la pr\u00e1ctica docente: <em>Materias o Asignaturas, Seminarios, Talleres, Pr\u00e1cticas docentes, Taller integrador.<\/em><\/p>\n<p><strong>\u00a0<\/strong><\/p>\n<p><strong>PLAN DE ESTUDIOS:<\/strong><\/p>\n<table border=\"1\" cellspacing=\"0\" cellpadding=\"0\">\n<tbody>\n<tr>\n<td valign=\"top\" width=\"299\">1\u00b0 a\u00f1o<\/p>\n<p>PEDAGOGIA<\/p>\n<p>DIDACTICA Y CURRICULUM<\/p>\n<p>PSICOLOGIA Y EDUCACION<\/p>\n<p>PROBLEMATICA DE LA CULTURA ARGENTINA V LATINOAMERICANA (UCCV)<\/p>\n<p>LENGUAJE MUSICAL I<\/p>\n<p>HISTORIA DE LA MUSICA Y SU CONTEXTO SOCIAL I<\/p>\n<p>PRACTICA INSTRUMENTAL I:<\/p>\n<p>Pr\u00e1ctica de conjunto<\/p>\n<p>Instrumento elegido.<\/p>\n<p>Instrumento complementario<\/p>\n<p>PRACTICA VOCAL I:<\/p>\n<p>Canto colectivo<\/p>\n<p>Canto individual y Eufon\u00eda<\/p>\n<p>PRACTICA DOCENTE I: Escenarios educativos<\/td>\n<td valign=\"top\" width=\"299\">2\u00b0 a\u00f1o<\/p>\n<p>RISTORIA SOCIAL V POLITICA DE LA EDUCACION ARGENTINA<\/p>\n<p>ANTROPOLOGIA SOCIOCULTURAL (UCCV)<\/p>\n<p>SUJETOS DE LA EDUCACION I<\/p>\n<p>DIDACTICA DE LA MUSICA I<\/p>\n<p>ARMONIA V ANALISIS MUSICAL I<\/p>\n<p>LENGUAJE MUSICAL II<\/p>\n<p>HISTORIA DE LA MUSICA V SU CONTEXTO SOCIAL II<\/p>\n<p>PRACTICA INSTRUMENTAL II:<\/p>\n<p>Pr\u00e1ctica de conjunto<\/p>\n<p>Instrumento elegido<\/p>\n<p>Instrumento complementario<\/p>\n<p>PRACTICA VOCAL II<\/p>\n<p>Canto colectivo<\/p>\n<p>Canto individual y Eufon\u00eda<\/p>\n<p>PRACTICA DOCENTE II: La Instituci\u00f3n escolar<\/td>\n<\/tr>\n<tr>\n<td valign=\"top\" width=\"299\">3\u00b0 a\u00f1o<\/p>\n<p>PROBLEMATICA FILOSOFICA<\/p>\n<p>EDUCACION SEXUAL INTEGRAL (ESI)<\/p>\n<p>SUJETOS DE LA EDUCACION II<\/p>\n<p>DIDACTICA DE LA MUSICA II<\/p>\n<p>ARMONIA V ANALISIS MUSICAL II<\/p>\n<p>LENGUAJE MUSICAL III<\/p>\n<p>HISTORIA DE LA MUSICA V SU CONTEXTO SOCIAL III<\/p>\n<p>PRACTICA INSTRUMENTAL III:<\/p>\n<p>Pr\u00e1ctica de conjunto<\/p>\n<p>Instrumento elegido<\/p>\n<p>Instrumento complementario<\/p>\n<p>DIRECCION CORAL<\/p>\n<p>PRACTICA DOCENTE III<\/td>\n<td valign=\"top\" width=\"299\">4\u00b0a\u00f1o<\/p>\n<p>ETICA V TRABAJO DOCENTE<\/p>\n<p>PRACTICAS INVESTIGATIVAS<\/p>\n<p>ESTETICA (UCCV)<\/p>\n<p>ARREGLOS MUSICALES<\/p>\n<p>ENSAMBLES SOBRE RITMICAS ARGENTINAS y LATINOAMERICANAS<\/p>\n<p>TECNOLOGIAS APLICADAS AL SONIDO<\/p>\n<p>PRACTICA INSTRUMENTAL IV:<\/p>\n<p>Practica de conjunto<\/p>\n<p>Instrumento elegido<\/p>\n<p>Instrumento complementario<\/p>\n<p>PRACTICA DOCENTE IV<\/td>\n<\/tr>\n<\/tbody>\n<\/table>\n<p>&nbsp;<\/p>\n<p><strong>PERFIL DEL EGRESADO:<\/strong><\/p>\n<ul>\n<li>Profesor\/a apasionados\/as en las tareas de aprender, interrogar, buscar, imaginar, proyectar, reflexionar, que son en definitiva atributos inseparables de la sustantiva tarea de ense\u00f1ar.<\/li>\n<li>Profesor\/a con capacidades profesionales referidas al dominio de campos disciplinares, pero tambi\u00e9n al trabajo con el pensamiento en virtud de la reflexi\u00f3n cr\u00edtica, la toma de decisiones con autonom\u00eda y el trabajo colaborativo sustentado en principios democr\u00e1ticos.<\/li>\n<li>Profesor\/a con autoridad pedag\u00f3gica y acad\u00e9mica.<\/li>\n<li>Profesor\/a con capacidad de elaborar propuestas y situaciones de ense\u00f1anza que atiendan tanto las necesidades de aprendizajes como a los contextos sociales, hist\u00f3ricos, ling\u00fc\u00edsticos y culturales que conforman la realidad provincial.<\/li>\n<li>Profesor\/a que desarrolle saberes te\u00f3ricos y pr\u00e1cticos adecuados para intervenir en el campo de la m\u00fasica cuando \u00e9stas se convierten en objeto de ense\u00f1anza.<\/li>\n<li>Profesor\/a que acompa\u00f1ar y sostener procesos de producci\u00f3n, de creaci\u00f3n art\u00edstica y\/o de experimentaci\u00f3n, en todo tipo de formatos y espacios educativos y culturales.<\/li>\n<li>Profesor\/a que estimule la lectura sensible y cr\u00edtica sobre las pr\u00e1cticas culturales mediatizadas y comunicacionales en contextos socio-culturales diversos.<\/li>\n<li>Profesor\/a que sea capaz de intervenir en distintos \u00e1mbitos institucionales en torno a procesos de comunicaci\u00f3n de saberes en el campo de la m\u00fasica, para dar respuestas a las necesidades espec\u00edficas de mejoramiento de la calidad de vida de hombres y mujeres y de la participaci\u00f3n activa en su propia educaci\u00f3n.<\/li>\n<li>Profesor\/a que contribuya a la construcci\u00f3n de posibilidades de ense\u00f1anza que contemplen los diferentes modos de aprender, comprender, hacer y sentir, dejando de lado los diagn\u00f3sticos clasificatorios, creando dispositivos pedag\u00f3gicos variados que den acogida y valoren las diferencias de todos los sujetos de la educaci\u00f3n.<\/li>\n<\/ul>\n<p>&nbsp;<\/p>\n<p><strong>REQUISITOS DE INGRESO:<\/strong><\/p>\n<p>T\u00edtulo de Nivel Medio &#8211; Fotocopia legalizada.<\/p>\n<p>No adeudar materias de Escuela Secundaria a\u00a0septiembre del a\u00f1o de ingreso.<\/p>\n<p>Certificado Laboral (si trabaja).<\/p>\n<p>Certificado de Salud (extendido por organismo\u00a0oficial).<\/p>\n<p>2 fotos 4&#215;4 tipo carnet actualizada (apellido\u00a0y nombre al dorso).<\/p>\n<p>1era y 2da hoja del DNI &#8211; Fotocopia legalizada.<\/p>\n<p>&nbsp;<\/p>\n","protected":false},"excerpt":{"rendered":"<p>PROFESORADO DE M\u00daSICA TITULO A OTORGAR: Profesor\/a de M\u00fasica DURACI\u00d3N DE LA CARRERA EN A\u00d1OS ACAD\u00c9MICOS: 4 (cuatro) Jefatura de Secci\u00f3n: CZAK\u00d3, Gissella \u00a0 Un profe y un estudiante te van a brindar mas informaci\u00f3n que puede ayudar a orientarte en tu elecci\u00f3n. https:\/\/www.youtube.com\/watch?v=IhWvVPPGPmI &nbsp; RESE\u00d1A: La formaci\u00f3n de docentes en M\u00fasica es de vital &#8230; <a title=\"Profesorado de M\u00fasica\" class=\"read-more\" href=\"https:\/\/isp2-sfe.infd.edu.ar\/sitio\/carreras_musica\/\" aria-label=\"More on Profesorado de M\u00fasica\">[+]<\/a><\/p>\n","protected":false},"author":3998,"featured_media":0,"parent":0,"menu_order":0,"comment_status":"closed","ping_status":"closed","template":"","meta":[],"acf":[],"_links":{"self":[{"href":"https:\/\/isp2-sfe.infd.edu.ar\/sitio\/wp-json\/wp\/v2\/pages\/2141"}],"collection":[{"href":"https:\/\/isp2-sfe.infd.edu.ar\/sitio\/wp-json\/wp\/v2\/pages"}],"about":[{"href":"https:\/\/isp2-sfe.infd.edu.ar\/sitio\/wp-json\/wp\/v2\/types\/page"}],"author":[{"embeddable":true,"href":"https:\/\/isp2-sfe.infd.edu.ar\/sitio\/wp-json\/wp\/v2\/users\/3998"}],"replies":[{"embeddable":true,"href":"https:\/\/isp2-sfe.infd.edu.ar\/sitio\/wp-json\/wp\/v2\/comments?post=2141"}],"version-history":[{"count":2,"href":"https:\/\/isp2-sfe.infd.edu.ar\/sitio\/wp-json\/wp\/v2\/pages\/2141\/revisions"}],"predecessor-version":[{"id":2700,"href":"https:\/\/isp2-sfe.infd.edu.ar\/sitio\/wp-json\/wp\/v2\/pages\/2141\/revisions\/2700"}],"wp:attachment":[{"href":"https:\/\/isp2-sfe.infd.edu.ar\/sitio\/wp-json\/wp\/v2\/media?parent=2141"}],"curies":[{"name":"wp","href":"https:\/\/api.w.org\/{rel}","templated":true}]}}