{"id":2136,"date":"2018-08-31T16:51:14","date_gmt":"2018-08-31T19:51:14","guid":{"rendered":"https:\/\/isp2-sfe.infd.edu.ar\/sitio\/carreras_ingles\/"},"modified":"2023-06-26T17:57:12","modified_gmt":"2023-06-26T20:57:12","slug":"carreras_ingles","status":"publish","type":"page","link":"https:\/\/isp2-sfe.infd.edu.ar\/sitio\/carreras_ingles\/","title":{"rendered":"Profesorado de Ingl\u00e9s para Educaci\u00f3n Secundaria"},"content":{"rendered":"<h4><img decoding=\"async\" loading=\"lazy\" class=\"size-full wp-image-2685 aligncenter\" src=\"https:\/\/isp2-sfe.infd.edu.ar\/sitio\/wp-content\/uploads\/2020\/10\/LOGO-INGLES.png\" alt=\"\" width=\"378\" height=\"397\" \/><\/h4>\n<h4>Profesorado de Ingl\u00e9s para Educaci\u00f3n Secundaria<\/h4>\n<h4><strong>Ti\u00edtulo a otorgar: <\/strong>Profesor\/a de Ingl\u00e9s para Educaci\u00f3n Secundaria<\/h4>\n<h4><strong>Duraci\u00f3n de la carrera en a\u00f1os acad\u00e9micos<\/strong>: 4 (cuatro)<\/h4>\n<h4>Jefatura de secci\u00f3n: Paula Leonardi<\/h4>\n<p><strong>\u00a0<\/strong><\/p>\n<div>Un profe y un estudiante te van a brindar mas informaci\u00f3n que puede ayudar a orientarte en tu elecci\u00f3n.<\/div>\n<div><a href=\"https:\/\/www.youtube.com\/watch?v=2C-tsaak1lM\" target=\"_blank\" rel=\"noopener noreferrer\">https:\/\/www.youtube.com\/watch?v=2C-tsaak1lM<\/a><\/div>\n<p>&nbsp;<\/p>\n<p><strong>RESE\u00d1A<\/strong>:<\/p>\n<p>La formaci\u00f3n del profesor de ingl\u00e9s para el tercer ciclo de la Educaci\u00f3n General B\u00e1sica y la Educaci\u00f3n Polimodal comprender\u00e1:<\/p>\n<p>v\u00a0 Una formaci\u00f3n ling\u00fc\u00edstica que permitir\u00e1 a los futuros docentes<\/p>\n<p>&#8211;\u00a0\u00a0\u00a0\u00a0\u00a0\u00a0\u00a0\u00a0\u00a0 usar el idioma ingl\u00e9s con correcci\u00f3n y propiedad;<\/p>\n<p>&#8211;\u00a0\u00a0\u00a0\u00a0\u00a0\u00a0\u00a0\u00a0\u00a0 identificar las problem\u00e1ticas en el estudio de la lengua a fin de poder orientar las reflexiones de los alumnos acerca del lenguaje como objeto de conocimiento y como instrumento de comunicaci\u00f3n;<\/p>\n<p>&#8211;\u00a0\u00a0\u00a0\u00a0\u00a0\u00a0\u00a0\u00a0\u00a0 desarrollar autonom\u00eda de trabajo y capacidad investigadora a partir de su pr\u00e1ctica docente;<\/p>\n<p>&#8211;\u00a0\u00a0\u00a0\u00a0\u00a0\u00a0\u00a0\u00a0\u00a0 reconocer y apreciar las diferencias culturales;<\/p>\n<p>&#8211;\u00a0\u00a0\u00a0\u00a0\u00a0\u00a0\u00a0\u00a0\u00a0 respetar la diversidad.<\/p>\n<p>v\u00a0 Una formaci\u00f3n socio-cultural que permitir\u00e1 a los futuros docentes:<\/p>\n<p>&#8211;\u00a0\u00a0\u00a0\u00a0\u00a0\u00a0\u00a0\u00a0\u00a0 la lectura cr\u00edtica, selectiva y competente, con capacidad de an\u00e1lisis frente a diversos discursos;<\/p>\n<p>&#8211;\u00a0\u00a0\u00a0\u00a0\u00a0\u00a0\u00a0\u00a0\u00a0 el manejo de bibliograf\u00eda con naturalidad y precisi\u00f3n;<\/p>\n<p>&#8211;\u00a0\u00a0\u00a0\u00a0\u00a0\u00a0\u00a0\u00a0\u00a0 el abordaje cr\u00edtico de un corpus representativo de textos literarios y no literarios can\u00f3nicos y no can\u00f3nicos ;<\/p>\n<p>&#8211;\u00a0\u00a0\u00a0\u00a0\u00a0\u00a0\u00a0\u00a0\u00a0 el empleo de los aportes de la teor\u00eda literaria para generar espacios de reflexi\u00f3n y conceptualizaci\u00f3n acerca de sus propias pr\u00e1cticas como lectores y escritores;<\/p>\n<p>&#8211;\u00a0\u00a0\u00a0\u00a0\u00a0\u00a0\u00a0\u00a0\u00a0 la integraci\u00f3n de la literatura con otras disciplinas como la ling\u00fc\u00edstica, la historia, la filosof\u00eda entre otras;<\/p>\n<p>&#8211;\u00a0\u00a0\u00a0\u00a0\u00a0\u00a0\u00a0\u00a0\u00a0 el conocimiento y la comparaci\u00f3n de aspectos de las culturas de origen ingl\u00e9s y de la cultura global con la propia cultura.<\/p>\n<p>v\u00a0 Una formaci\u00f3n en la ense\u00f1anza de la disciplina que permitir\u00e1 a los futuros docentes:<\/p>\n<p>&#8211;\u00a0\u00a0\u00a0\u00a0\u00a0\u00a0\u00a0\u00a0\u00a0 la comprensi\u00f3n de la realidad educativa en sus m\u00faltiples manifestaciones;<\/p>\n<p>&#8211;\u00a0\u00a0\u00a0\u00a0\u00a0\u00a0\u00a0\u00a0\u00a0 el an\u00e1lisis de las propuestas de cambio del sistema educativo y su relaci\u00f3n con las necesidades y demandas de la sociedad;<\/p>\n<p>&#8211;\u00a0\u00a0\u00a0\u00a0\u00a0\u00a0\u00a0\u00a0\u00a0 una intervenci\u00f3n pedag\u00f3gica acorde con las caracter\u00edsticas propias de las etapas por las que transitan los alumnos;<\/p>\n<p>&#8211;\u00a0\u00a0\u00a0\u00a0\u00a0\u00a0\u00a0\u00a0\u00a0 la confecci\u00f3n de un proyecto de curso;<\/p>\n<p>&#8211;\u00a0\u00a0\u00a0\u00a0\u00a0\u00a0\u00a0\u00a0\u00a0 el dise\u00f1o, selecci\u00f3n y conducci\u00f3n de estrategias de ense\u00f1anza y de contenidos contextualizados seg\u00fan la instituci\u00f3n, ciclo, grupo de aprendizaje, estilo personal;<\/p>\n<p>&#8211;\u00a0\u00a0\u00a0\u00a0\u00a0\u00a0\u00a0\u00a0\u00a0 la planificaci\u00f3n y gesti\u00f3n de un proyecto de investigaci\u00f3n en acci\u00f3n.<\/p>\n<p>&nbsp;<\/p>\n<p><strong>DESCRIPCI\u00d3N<\/strong>:<\/p>\n<h2>El amplio conjunto de saberes que corresponde al dise\u00f1o curricular del Profesorado de INGL\u00c9S para el\u00a0 Tercer Ciclo de la Educaci\u00f3n General B\u00e1sica y la Educaci\u00f3n Polimodal ha sido organizado a partir de los denominados Contenidos B\u00e1sicos Comunes para la Formaci\u00f3n Docente en tres campos:<\/h2>\n<p>&#8211; <em>Campo de la Formaci\u00f3n General Pedag\u00f3gica: <\/em>\u201cEl conjunto de los contenidos conceptuales, procedimentales y actitudinales incluidos en el Campo de la Formaci\u00f3n General orientan al estudio de la realidad educativa, desde la comprensi\u00f3n de la educaci\u00f3n misma, de su contemporaneidad en el marco de la transformaci\u00f3n del Sistema Educativo Argentino y la interpretaci\u00f3n de los contextos de actuaci\u00f3n profesional. Tiene el prop\u00f3sito de facilitar la conceptualizaci\u00f3n, los procesos de dise\u00f1o y la pr\u00e1ctica docente, referidos a los requerimientos personales e institucionales, las demandas curriculares, las circunstancias del aula y los contextos sociales\u201d.<\/p>\n<p><em>&#8211; Campo de la Formaci\u00f3n Especializada: <\/em>Los contenidos de este campo hacen referencia \u201ca las conceptualizaciones b\u00e1sicas y las diferentes aplicaciones de la Psicolog\u00eda evolutiva y del aprendizaje, las pr\u00e1cticas docentes y las denominadas \u201cCultura de la pubertad\u201d y \u201cCultura de la adolescencia y\/o de contextos socio \u2013 culturales espec\u00edficos, seg\u00fan el nivel del que se trate\u201d. La formaci\u00f3n del futuro docente exige que \u00e9ste se apropie de los conocimientos acerca del desarrollo psicol\u00f3gico y cultural de sus alumnos para poder seleccionar contenidos, dise\u00f1ar estrategias de ense\u00f1anza e instrumentos de evaluaci\u00f3n teniendo en cuenta las caracter\u00edsticas del sujeto que aprende.<\/p>\n<p><em>&#8211; Campo de la Formaci\u00f3n de Orientaci\u00f3n: <\/em>Los contenidos de este campo procuran consolidar el desarrollo de las competencias requeridas para la ense\u00f1anza de las disciplinas.\u00a0 Este campo \u201ccomprende\u00a0 la formaci\u00f3n y\/o profundizaci\u00f3n centrada en ciclos, \u00e1reas y\/o disciplinas curriculares y\/o sus posibles combinaciones\u201d.<\/p>\n<h2>Asimismo, el trayecto de pr\u00e1ctica,\u00a0 que corresponde a los tres campos de la formaci\u00f3n inicial y tiene adem\u00e1s una reconocible especificidad, apunta a la integraci\u00f3n de todos estos saberes.<\/h2>\n<p><strong>\u00a0<\/strong><\/p>\n<p><strong>ESTRUCTURA DE LA CARRERA: <\/strong><\/p>\n<p>4992 horas c\u00e1tedras.<\/p>\n<p>En el Plan de Estudios de la carrera de Profesorado de INGL\u00c9S para el\u00a0 Tercer Ciclo de la Educaci\u00f3n General B\u00e1sica y la Educaci\u00f3n Polimodal existen tres formatos de espacios curriculares, denominados <em>materias<\/em>, <em>seminarios<\/em> y <em>talleres<\/em>.<\/p>\n<p>&nbsp;<\/p>\n<p><strong>PLAN DE ESTUDIOS:<\/strong><\/p>\n<table border=\"1\" cellspacing=\"0\" cellpadding=\"0\">\n<tbody>\n<tr>\n<td valign=\"top\" width=\"299\"><strong><span style=\"text-decoration: underline;\">1\u00b0 a\u00f1o<\/span><\/strong><\/p>\n<p>Pedagog\u00eda<\/p>\n<p>Teor\u00eda del Curr\u00edculo y Did\u00e1ctica<\/p>\n<p>Psicolog\u00eda Educativa (1\u00ba cuatrimestre)<\/p>\n<p>Psicolog\u00eda y Cultura del Alumno de EGB 3 y<\/p>\n<p>Polimodal\u00a0 (2\u00ba cuatrimestre)<\/p>\n<p>Lengua Inglesa I<\/p>\n<p>Gram\u00e1tica Inglesa I<\/p>\n<p>Fonolog\u00eda y Dicci\u00f3n I<\/p>\n<p>Estudios Sociales I<\/p>\n<p>Trayecto de Pr\u00e1ctica: Taller de Docencia I<\/p>\n<p>&nbsp;<\/td>\n<td valign=\"top\" width=\"299\"><strong><span style=\"text-decoration: underline;\">2\u00b0 a\u00f1o<\/span><\/strong><\/p>\n<p>Pol\u00edtica e Historia Educativa Argentina<\/p>\n<p>(1\u00ba cuatrimestre)<\/p>\n<p>Organizaci\u00f3n y Gesti\u00f3n Institucional<\/p>\n<p>(2\u00b0 cuatrimestre)<\/p>\n<p>Psicoling\u00fc\u00edstica<\/p>\n<p>Lengua Inglesa II<\/p>\n<p>Fonolog\u00eda y Dicci\u00f3n II<\/p>\n<p>Estudios Sociales II<\/p>\n<p>Gram\u00e1tica Inglesa II<\/p>\n<p>Literatura en Lengua Inglesa I<\/p>\n<p>Trayecto de Pr\u00e1ctica: Taller de Docencia II<\/p>\n<p>&nbsp;<\/td>\n<\/tr>\n<tr>\n<td valign=\"top\" width=\"299\"><strong><span style=\"text-decoration: underline;\">3\u00b0 a\u00f1o<\/span><\/strong><\/p>\n<p>Filosof\u00eda (1\u00ba cuatrimestre)<\/p>\n<p>\u00c9tica Profesional (2\u00ba cuatrimestre)<\/p>\n<p>Lengua Inglesa III<\/p>\n<p>Fonolog\u00eda y Dicci\u00f3n III<\/p>\n<p>Literatura en Lengua Inglesa II<\/p>\n<p>Ling\u00fc\u00edstica del Discurso<\/p>\n<p>Did\u00e1ctica Espec\u00edfica I (1\u00ba cuatrimestre)<\/p>\n<p>Did\u00e1ctica Espec\u00edfica II (2\u00ba cuatrimestre)<\/p>\n<p>Espacio de Definici\u00f3n Institucional<\/p>\n<p>Trayecto de Pr\u00e1ctica: Taller de Docencia III<\/p>\n<p>(Pr\u00e1ctica de ensayo)<\/p>\n<p>&nbsp;<\/td>\n<td valign=\"top\" width=\"299\"><strong><span style=\"text-decoration: underline;\">4\u00b0 a\u00f1o<\/span><\/strong><\/p>\n<p>Lengua Inglesa IV<\/p>\n<p>Fonolog\u00eda y Dicci\u00f3n IV<\/p>\n<p>Literatura en Lengua Inglesa III<\/p>\n<p>Espacio de Definici\u00f3n Institucional<\/p>\n<p>Espacio Curricular Opcional<\/p>\n<p>(1\u00ba cuatrimestre)<\/p>\n<p>Espacio Curricular Opcional<\/p>\n<p>(2\u00ba cuatrimestre)<\/p>\n<p>Trayecto de Pr\u00e1ctica: Taller de Docencia IV<\/p>\n<p>(Residencia)<\/p>\n<p>Trayecto de Pr\u00e1ctica: Seminario de<\/p>\n<p>Integraci\u00f3n y S\u00edntesis<\/p>\n<p>&nbsp;<\/td>\n<\/tr>\n<\/tbody>\n<\/table>\n<p>&nbsp;<\/p>\n<p><strong>PERFIL DEL EGRESADO:<\/strong><\/p>\n<p>El futuro docente de esta carrera demostrar\u00e1 poseer un saber <strong>disciplinar<\/strong>, que comprende:<\/p>\n<p>v\u00a0 el manejo eficaz, preciso y fluido del ingl\u00e9s;<\/p>\n<p>v\u00a0 un s\u00f3lido conocimiento de teor\u00edas de adquisici\u00f3n\/aprendizaje de las lenguas;<\/p>\n<p>v\u00a0 un conocimiento de la relaci\u00f3n de las lenguas extranjeras con otros saberes;<\/p>\n<p>v\u00a0 el conocimiento de una did\u00e1ctica que opere sobre esquemas conceptuales y referenciales y contemple la actividad de los alumnos\/as como un proceso individual de \u201caprender a aprender\u201d significativamente con la gu\u00eda del docente.<\/p>\n<p>Adem\u00e1s, el futuro docente deber\u00e1 poseer un saber <strong>vivencial<\/strong>\u00a0 (conocimiento en acci\u00f3n), que le posibilite capitalizar sus propias experiencias de:<\/p>\n<p>v\u00a0 la adquisici\u00f3n y el aprendizaje del ingl\u00e9s como lengua extranjera;<\/p>\n<p>v\u00a0 la experimentaci\u00f3n, reflexi\u00f3n e investigaci\u00f3n en la tarea docente.<\/p>\n<p><strong>\u00a0<\/strong><\/p>\n<p><strong>REQUISITOS DE INGRESO:<\/strong><\/p>\n<p>T\u00edtulo de Nivel Medio &#8211; Fotocopia legalizada.<\/p>\n<p>No adeudar materias de Escuela Secundaria a\u00a0septiembre del a\u00f1o de ingreso.<\/p>\n<p>Certificado Laboral (si trabaja).<\/p>\n<p>Certificado de Salud (extendido por organismo\u00a0oficial).<\/p>\n<p>2 fotos 4&#215;4 tipo carnet actualizada (apellido\u00a0y nombre al dorso).<\/p>\n<p>1era y 2da hoja del DNI &#8211; Fotocopia legalizada.<\/p>\n<p>&nbsp;<\/p>\n","protected":false},"excerpt":{"rendered":"<p>Profesorado de Ingl\u00e9s para Educaci\u00f3n Secundaria Ti\u00edtulo a otorgar: Profesor\/a de Ingl\u00e9s para Educaci\u00f3n Secundaria Duraci\u00f3n de la carrera en a\u00f1os acad\u00e9micos: 4 (cuatro) Jefatura de secci\u00f3n: Paula Leonardi \u00a0 Un profe y un estudiante te van a brindar mas informaci\u00f3n que puede ayudar a orientarte en tu elecci\u00f3n. https:\/\/www.youtube.com\/watch?v=2C-tsaak1lM &nbsp; RESE\u00d1A: La formaci\u00f3n del &#8230; <a title=\"Profesorado de Ingl\u00e9s para Educaci\u00f3n Secundaria\" class=\"read-more\" href=\"https:\/\/isp2-sfe.infd.edu.ar\/sitio\/carreras_ingles\/\" aria-label=\"More on Profesorado de Ingl\u00e9s para Educaci\u00f3n Secundaria\">[+]<\/a><\/p>\n","protected":false},"author":3998,"featured_media":0,"parent":0,"menu_order":0,"comment_status":"closed","ping_status":"closed","template":"","meta":[],"acf":[],"_links":{"self":[{"href":"https:\/\/isp2-sfe.infd.edu.ar\/sitio\/wp-json\/wp\/v2\/pages\/2136"}],"collection":[{"href":"https:\/\/isp2-sfe.infd.edu.ar\/sitio\/wp-json\/wp\/v2\/pages"}],"about":[{"href":"https:\/\/isp2-sfe.infd.edu.ar\/sitio\/wp-json\/wp\/v2\/types\/page"}],"author":[{"embeddable":true,"href":"https:\/\/isp2-sfe.infd.edu.ar\/sitio\/wp-json\/wp\/v2\/users\/3998"}],"replies":[{"embeddable":true,"href":"https:\/\/isp2-sfe.infd.edu.ar\/sitio\/wp-json\/wp\/v2\/comments?post=2136"}],"version-history":[{"count":5,"href":"https:\/\/isp2-sfe.infd.edu.ar\/sitio\/wp-json\/wp\/v2\/pages\/2136\/revisions"}],"predecessor-version":[{"id":2836,"href":"https:\/\/isp2-sfe.infd.edu.ar\/sitio\/wp-json\/wp\/v2\/pages\/2136\/revisions\/2836"}],"wp:attachment":[{"href":"https:\/\/isp2-sfe.infd.edu.ar\/sitio\/wp-json\/wp\/v2\/media?parent=2136"}],"curies":[{"name":"wp","href":"https:\/\/api.w.org\/{rel}","templated":true}]}}